{"id":6950,"date":"2020-05-29T14:06:08","date_gmt":"2020-05-29T12:06:08","guid":{"rendered":"https:\/\/www.racc.es\/microsites\/inforestriccions\/"},"modified":"2020-09-10T09:31:36","modified_gmt":"2020-09-10T07:31:36","slug":"inforestriccions","status":"publish","type":"page","link":"https:\/\/www.racc.cat\/microsites\/inforestriccions\/","title":{"rendered":"Inforestriccions"},"content":{"rendered":"<p><div class=\"fusion-fullwidth fullwidth-box fusion-builder-row-1 inforestricciones-hero nonhundred-percent-fullwidth non-hundred-percent-height-scrolling\" style=\"--awb-border-radius-top-left:0px;--awb-border-radius-top-right:0px;--awb-border-radius-bottom-right:0px;--awb-border-radius-bottom-left:0px;--awb-padding-top:10px;--awb-padding-bottom:10px;--awb-background-color:#68a12c;\" ><div class=\"fusion-builder-row fusion-row\"><div class=\"fusion-layout-column fusion_builder_column fusion-builder-column-0 fusion_builder_column_1_1 1_1 fusion-one-full fusion-column-first fusion-column-last\" style=\"--awb-bg-size:cover;\"><div class=\"fusion-column-wrapper fusion-column-has-shadow fusion-flex-column-wrapper-legacy\"><div class=\"fusion-text fusion-text-1\"><p style=\"margin-bottom: 0;\"><small>Actualitzat 10\/09\/2020<\/small><\/p>\n<\/div><div class=\"fusion-clearfix\"><\/div><\/div><\/div><div class=\"fusion-layout-column fusion_builder_column fusion-builder-column-1 fusion_builder_column_1_6 1_6 fusion-one-sixth fusion-column-first\" style=\"--awb-bg-size:cover;width:16.666666666667%;width:calc(16.666666666667% - ( ( 4% ) * 0.16666666666667 ) );margin-right: 4%;\"><div class=\"fusion-column-wrapper fusion-column-has-shadow fusion-flex-column-wrapper-legacy\"><div class=\"fusion-image-element fusion-image-align-center in-legacy-container\" style=\"text-align:center;\"><div class=\"imageframe-align-center\"><span class=\" fusion-imageframe imageframe-none imageframe-1 hover-type-none\"><img decoding=\"async\" width=\"90\" height=\"90\" title=\"18958001-0-logo90x90\" src=\"http:\/\/www.racc.cat\/microsites\/wp-content\/uploads\/2020\/05\/18958001-0-logo90x90-1.jpg\" alt class=\"img-responsive wp-image-6438\" srcset=\"https:\/\/www.racc.cat\/wp-content\/microsites\/wp-content\/uploads\/2020\/05\/18958001-0-logo90x90-1-66x66.jpg 66w, https:\/\/www.racc.cat\/wp-content\/microsites\/wp-content\/uploads\/2020\/05\/18958001-0-logo90x90-1.jpg 90w\" sizes=\"(max-width: 90px) 100vw, 90px\" \/><\/span><\/div><\/div><div class=\"fusion-clearfix\"><\/div><\/div><\/div><div class=\"fusion-layout-column fusion_builder_column fusion-builder-column-2 fusion_builder_column_5_6 5_6 fusion-five-sixth fusion-column-last\" style=\"--awb-bg-size:cover;width:83.333333333333%;width:calc(83.333333333333% - ( ( 4% ) * 0.83333333333333 ) );\"><div class=\"fusion-column-wrapper fusion-column-has-shadow fusion-flex-column-wrapper-legacy\"><div class=\"fusion-text fusion-text-2\"><h1>LES RESTRICCIONS DE TR\u00c0NSIT PER REDUIR LES EMISSIONS A L\u2019ENTORN DE BARCELONA<\/h1>\n<\/div><div class=\"fusion-text fusion-text-3\"><p>Consulta en aquest microsite la informaci\u00f3 resumida i les respostes a les preguntes m\u00e9s freq\u00fcents sobre les noves mesures.<\/p>\n<\/div><div class=\"fusion-clearfix\"><\/div><\/div><\/div><\/div><\/div><div class=\"fusion-fullwidth fullwidth-box fusion-builder-row-2 inforestricciones-grey nonhundred-percent-fullwidth non-hundred-percent-height-scrolling\" style=\"--awb-border-radius-top-left:0px;--awb-border-radius-top-right:0px;--awb-border-radius-bottom-right:0px;--awb-border-radius-bottom-left:0px;--awb-padding-bottom:0px;--awb-background-color:#f2fae9;\" ><div class=\"fusion-builder-row fusion-row\"><div class=\"fusion-layout-column fusion_builder_column fusion-builder-column-3 fusion_builder_column_1_1 1_1 fusion-one-full fusion-column-first fusion-column-last\" style=\"--awb-bg-size:cover;\"><div class=\"fusion-column-wrapper fusion-column-has-shadow fusion-flex-column-wrapper-legacy\"><div class=\"fusion-text fusion-text-4\"><p style=\"text-align: center;\">L\u20191 de gener del 2020 va entrar en funcionament la Zona de Baixes Emissions (ZBE) a la ciutat de Barcelona i a partir del 2025 s\u2019ampliar\u00e0 a tota l\u2019\u00e0rea metropolitana.<\/p>\n<p style=\"text-align: center;\">L\u2019ordenan\u00e7a que regula les restriccions de tr\u00e0nsit es va aprovar el 9 d&#8217;octubre del 2019 i, despr\u00e9s de la fase d\u2019exposici\u00f3 p\u00fablica, va ser ratificada definitivament pel plenari de l\u2019Ajuntament de Barcelona el dia 20 de desembre.<\/p>\n<\/div><div class=\"fusion-clearfix\"><\/div><\/div><\/div><\/div><\/div><div class=\"fusion-fullwidth fullwidth-box fusion-builder-row-3 nonhundred-percent-fullwidth non-hundred-percent-height-scrolling\" style=\"--awb-border-radius-top-left:0px;--awb-border-radius-top-right:0px;--awb-border-radius-bottom-right:0px;--awb-border-radius-bottom-left:0px;--awb-padding-bottom:0px;\" ><div class=\"fusion-builder-row fusion-row\"><div class=\"fusion-layout-column fusion_builder_column fusion-builder-column-4 fusion_builder_column_1_1 1_1 fusion-one-full fusion-column-first fusion-column-last\" style=\"--awb-bg-size:cover;\"><div class=\"fusion-column-wrapper fusion-column-has-shadow fusion-flex-column-wrapper-legacy\"><div class=\"fusion-text fusion-text-5\"><h2 style=\"text-align: center;\">Punts a tenir en compte<\/h2>\n<\/div><div class=\"fusion-clearfix\"><\/div><\/div><\/div><\/div><\/div><div class=\"fusion-fullwidth fullwidth-box fusion-builder-row-4 timeline nonhundred-percent-fullwidth non-hundred-percent-height-scrolling fusion-equal-height-columns\" style=\"--awb-border-radius-top-left:0px;--awb-border-radius-top-right:0px;--awb-border-radius-bottom-right:0px;--awb-border-radius-bottom-left:0px;--awb-padding-top:0px;\" ><div class=\"fusion-builder-row fusion-row\"><div class=\"fusion-layout-column fusion_builder_column fusion-builder-column-5 fusion_builder_column_1_3 1_3 fusion-one-third fusion-column-first timeline-title\" style=\"--awb-bg-size:cover;--awb-margin-top:0px;--awb-margin-bottom:0px;width:33.333333333333%;width:calc(33.333333333333% - ( ( 4% + 4% ) * 0.33333333333333 ) );margin-right: 4%;\"><div class=\"fusion-column-wrapper fusion-column-has-shadow fusion-flex-column-wrapper-legacy\"><div class=\"fusion-column-content-centered\"><div class=\"fusion-column-content\"><div class=\"fusion-text fusion-text-6 show-desktop\"><h3>Dies i horaris restriccions<\/h3>\n<\/div><\/div><\/div><div class=\"fusion-clearfix\"><\/div><\/div><\/div><div class=\"fusion-layout-column fusion_builder_column fusion-builder-column-6 fusion_builder_column_1_6 1_6 fusion-one-sixth timeline-number\" style=\"--awb-bg-size:cover;--awb-margin-top:0px;--awb-margin-bottom:0px;width:16.666666666667%;width:calc(16.666666666667% - ( ( 4% + 4% ) * 0.16666666666667 ) );margin-right: 4%;\"><div class=\"fusion-column-wrapper fusion-column-has-shadow fusion-flex-column-wrapper-legacy\"><div class=\"fusion-column-content-centered\"><div class=\"fusion-column-content\"><div class=\"fusion-text fusion-text-7\"><p>1<\/p>\n<\/div><div class=\"fusion-text fusion-text-8 show-mobile\"><h3>Dies i horaris restriccions<\/h3>\n<\/div><\/div><\/div><div class=\"fusion-clearfix\"><\/div><\/div><\/div><div class=\"fusion-layout-column fusion_builder_column fusion-builder-column-7 fusion_builder_column_1_2 1_2 fusion-one-half fusion-column-last timeline-text\" style=\"--awb-bg-size:cover;--awb-margin-top:0px;--awb-margin-bottom:0px;width:50%;width:calc(50% - ( ( 4% + 4% ) * 0.5 ) );\"><div class=\"fusion-column-wrapper fusion-column-has-shadow fusion-flex-column-wrapper-legacy\"><div class=\"fusion-column-content-centered\"><div class=\"fusion-column-content\"><div class=\"fusion-text fusion-text-9\"><p>Tots els dies <strong>feiners<\/strong>, de dilluns a divendres, de les <strong>7 a les 20 h<\/strong>.<\/p>\n<\/div><\/div><\/div><div class=\"fusion-clearfix\"><\/div><\/div><\/div><div class=\"fusion-layout-column fusion_builder_column fusion-builder-column-8 fusion_builder_column_1_3 1_3 fusion-one-third fusion-column-first timeline-title\" style=\"--awb-bg-size:cover;--awb-margin-top:0px;--awb-margin-bottom:0px;width:33.333333333333%;width:calc(33.333333333333% - ( ( 4% + 4% ) * 0.33333333333333 ) );margin-right: 4%;\"><div class=\"fusion-column-wrapper fusion-column-has-shadow fusion-flex-column-wrapper-legacy\"><div class=\"fusion-column-content-centered\"><div class=\"fusion-column-content\"><div class=\"fusion-text fusion-text-10 show-desktop\"><h3>Vehicles afectats<\/h3>\n<\/div><\/div><\/div><div class=\"fusion-clearfix\"><\/div><\/div><\/div><div class=\"fusion-layout-column fusion_builder_column fusion-builder-column-9 fusion_builder_column_1_6 1_6 fusion-one-sixth timeline-number\" style=\"--awb-bg-size:cover;--awb-margin-top:0px;--awb-margin-bottom:0px;width:16.666666666667%;width:calc(16.666666666667% - ( ( 4% + 4% ) * 0.16666666666667 ) );margin-right: 4%;\"><div class=\"fusion-column-wrapper fusion-column-has-shadow fusion-flex-column-wrapper-legacy\"><div class=\"fusion-column-content-centered\"><div class=\"fusion-column-content\"><div class=\"fusion-text fusion-text-11\"><p>2<\/p>\n<\/div><div class=\"fusion-text fusion-text-12 show-mobile\"><h3>Vehicles afectats<\/h3>\n<\/div><\/div><\/div><div class=\"fusion-clearfix\"><\/div><\/div><\/div><div class=\"fusion-layout-column fusion_builder_column fusion-builder-column-10 fusion_builder_column_1_2 1_2 fusion-one-half fusion-column-last timeline-text\" style=\"--awb-bg-size:cover;--awb-margin-top:0px;--awb-margin-bottom:0px;width:50%;width:calc(50% - ( ( 4% + 4% ) * 0.5 ) );\"><div class=\"fusion-column-wrapper fusion-column-has-shadow fusion-flex-column-wrapper-legacy\"><div class=\"fusion-column-content-centered\"><div class=\"fusion-column-content\"><div class=\"fusion-text fusion-text-13\"><p>Turismes sense distintiu de la DGT:<br \/>\n\u00b7 <strong>gasolina <\/strong>matriculats abans de l&#8217;01\/2000 (que no compleixen Euro 3) i<br \/>\n\u00b7 <strong>di\u00e8sel <\/strong>matriculats abans de l&#8217;01\/2006 (que no compleixin Euro 4).<br \/>\nComprova el distintiu ambiental del teu vehicle en <a id=\"link-9bnyhiwcd2c\" class=\"url-link\" href=\"https:\/\/sede.dgt.gob.es\/es\/vehiculos\/distintivo-ambiental\/\" target=\"_blank\" rel=\"noopener noreferrer\"><strong>aquest enlla\u00e7<\/strong><\/a>.<\/p>\n<\/div><\/div><\/div><div class=\"fusion-clearfix\"><\/div><\/div><\/div><div class=\"fusion-layout-column fusion_builder_column fusion-builder-column-11 fusion_builder_column_1_3 1_3 fusion-one-third fusion-column-first timeline-title\" style=\"--awb-bg-size:cover;--awb-margin-top:0px;--awb-margin-bottom:0px;width:33.333333333333%;width:calc(33.333333333333% - ( ( 4% + 4% ) * 0.33333333333333 ) );margin-right: 4%;\"><div class=\"fusion-column-wrapper fusion-column-has-shadow fusion-flex-column-wrapper-legacy\"><div class=\"fusion-column-content-centered\"><div class=\"fusion-column-content\"><div class=\"fusion-text fusion-text-14 show-desktop\"><h3>Motos i ciclomotors<\/h3>\n<\/div><\/div><\/div><div class=\"fusion-clearfix\"><\/div><\/div><\/div><div class=\"fusion-layout-column fusion_builder_column fusion-builder-column-12 fusion_builder_column_1_6 1_6 fusion-one-sixth timeline-number\" style=\"--awb-bg-size:cover;--awb-margin-top:0px;--awb-margin-bottom:0px;width:16.666666666667%;width:calc(16.666666666667% - ( ( 4% + 4% ) * 0.16666666666667 ) );margin-right: 4%;\"><div class=\"fusion-column-wrapper fusion-column-has-shadow fusion-flex-column-wrapper-legacy\"><div class=\"fusion-column-content-centered\"><div class=\"fusion-column-content\"><div class=\"fusion-text fusion-text-15\"><p>3<\/p>\n<\/div><div class=\"fusion-text fusion-text-16 show-mobile\"><h3>Motos i ciclomotors<\/h3>\n<\/div><\/div><\/div><div class=\"fusion-clearfix\"><\/div><\/div><\/div><div class=\"fusion-layout-column fusion_builder_column fusion-builder-column-13 fusion_builder_column_1_2 1_2 fusion-one-half fusion-column-last timeline-text\" style=\"--awb-bg-size:cover;--awb-margin-top:0px;--awb-margin-bottom:0px;width:50%;width:calc(50% - ( ( 4% + 4% ) * 0.5 ) );\"><div class=\"fusion-column-wrapper fusion-column-has-shadow fusion-flex-column-wrapper-legacy\"><div class=\"fusion-column-content-centered\"><div class=\"fusion-column-content\"><div class=\"fusion-text fusion-text-17\"><p>Les restriccions tamb\u00e9 afecten a motos i ciclomotors sense distintiu de la DGT: matriculades abans del <strong>gener del 2003<\/strong>.<\/p>\n<\/div><\/div><\/div><div class=\"fusion-clearfix\"><\/div><\/div><\/div><div class=\"fusion-layout-column fusion_builder_column fusion-builder-column-14 fusion_builder_column_1_3 1_3 fusion-one-third fusion-column-first timeline-title\" style=\"--awb-bg-size:cover;--awb-margin-top:0px;--awb-margin-bottom:0px;width:33.333333333333%;width:calc(33.333333333333% - ( ( 4% + 4% ) * 0.33333333333333 ) );margin-right: 4%;\"><div class=\"fusion-column-wrapper fusion-column-has-shadow fusion-flex-column-wrapper-legacy\"><div class=\"fusion-column-content-centered\"><div class=\"fusion-column-content\"><div class=\"fusion-text fusion-text-18 show-desktop\"><h3>Morat\u00f2ria temporal<\/h3>\n<\/div><\/div><\/div><div class=\"fusion-clearfix\"><\/div><\/div><\/div><div class=\"fusion-layout-column fusion_builder_column fusion-builder-column-15 fusion_builder_column_1_6 1_6 fusion-one-sixth timeline-number\" style=\"--awb-bg-size:cover;--awb-margin-top:0px;--awb-margin-bottom:0px;width:16.666666666667%;width:calc(16.666666666667% - ( ( 4% + 4% ) * 0.16666666666667 ) );margin-right: 4%;\"><div class=\"fusion-column-wrapper fusion-column-has-shadow fusion-flex-column-wrapper-legacy\"><div class=\"fusion-column-content-centered\"><div class=\"fusion-column-content\"><div class=\"fusion-text fusion-text-19\"><p>4<\/p>\n<\/div><div class=\"fusion-text fusion-text-20 show-mobile\"><h3>Morat\u00f2ria temporal<\/h3>\n<\/div><\/div><\/div><div class=\"fusion-clearfix\"><\/div><\/div><\/div><div class=\"fusion-layout-column fusion_builder_column fusion-builder-column-16 fusion_builder_column_1_2 1_2 fusion-one-half fusion-column-last timeline-text\" style=\"--awb-bg-size:cover;--awb-margin-top:0px;--awb-margin-bottom:0px;width:50%;width:calc(50% - ( ( 4% + 4% ) * 0.5 ) );\"><div class=\"fusion-column-wrapper fusion-column-has-shadow fusion-flex-column-wrapper-legacy\"><div class=\"fusion-column-content-centered\"><div class=\"fusion-column-content\"><div class=\"fusion-text fusion-text-21\"><p>Morat\u00f2ria d\u2019un any perqu\u00e8 puguin circular-hi <strong>autocars, furgonetes i camions d\u2019\u00fas professional<\/strong> (categories N1, N2, N3, M2 i M3) i les persones vulnerables que necessitin el vehicle per treballar i acreditin uns ingressos inferiors a l\u2019IPREM m\u00e9s el 10%.<\/p>\n<\/div><\/div><\/div><div class=\"fusion-clearfix\"><\/div><\/div><\/div><div class=\"fusion-layout-column fusion_builder_column fusion-builder-column-17 fusion_builder_column_1_3 1_3 fusion-one-third fusion-column-first timeline-title\" style=\"--awb-bg-size:cover;--awb-margin-top:0px;--awb-margin-bottom:0px;width:33.333333333333%;width:calc(33.333333333333% - ( ( 4% + 4% ) * 0.33333333333333 ) );margin-right: 4%;\"><div class=\"fusion-column-wrapper fusion-column-has-shadow fusion-flex-column-wrapper-legacy\"><div class=\"fusion-column-content-centered\"><div class=\"fusion-column-content\"><div class=\"fusion-text fusion-text-22 show-desktop\"><h3>Vehicles exempts<\/h3>\n<\/div><\/div><\/div><div class=\"fusion-clearfix\"><\/div><\/div><\/div><div class=\"fusion-layout-column fusion_builder_column fusion-builder-column-18 fusion_builder_column_1_6 1_6 fusion-one-sixth timeline-number\" style=\"--awb-bg-size:cover;--awb-margin-top:0px;--awb-margin-bottom:0px;width:16.666666666667%;width:calc(16.666666666667% - ( ( 4% + 4% ) * 0.16666666666667 ) );margin-right: 4%;\"><div class=\"fusion-column-wrapper fusion-column-has-shadow fusion-flex-column-wrapper-legacy\"><div class=\"fusion-column-content-centered\"><div class=\"fusion-column-content\"><div class=\"fusion-text fusion-text-23\"><p>5<\/p>\n<\/div><div class=\"fusion-text fusion-text-24 show-mobile\"><h3>Vehicles exempts<\/h3>\n<\/div><\/div><\/div><div class=\"fusion-clearfix\"><\/div><\/div><\/div><div class=\"fusion-layout-column fusion_builder_column fusion-builder-column-19 fusion_builder_column_1_2 1_2 fusion-one-half fusion-column-last timeline-text\" style=\"--awb-bg-size:cover;--awb-margin-top:0px;--awb-margin-bottom:0px;width:50%;width:calc(50% - ( ( 4% + 4% ) * 0.5 ) );\"><div class=\"fusion-column-wrapper fusion-column-has-shadow fusion-flex-column-wrapper-legacy\"><div class=\"fusion-column-content-centered\"><div class=\"fusion-column-content\"><div class=\"fusion-text fusion-text-25\"><p>\u00b7 Vehicles de transport de persones amb mobilitat redu\u00efda (<strong>PMR<\/strong>).<br \/>\n\u00b7 <span class=\"x_d869ecac\">Vehicles d&#8217;<strong>emerg\u00e8ncies<\/strong>\u00a0i\u00a0<strong>serveis essencials\u00a0<\/strong><\/span><span class=\"x_d869ecac\">(policia, metges, bombers, etc.).<\/span><br \/>\n\u00b7 Altres vehicles de serveis, com vehicles taller i laboratori.<br \/>\n\u00b7 Han d&#8217;estar donats d&#8217;alta al Registre Metropolit\u00e0.<br \/>\n\u00b7 Vehicles per a persones amb malalties que els condicionen l&#8217;\u00fas del transport p\u00fablic o que hagin de fer tractaments m\u00e8dics de manera peri\u00f2dica.<\/p>\n<\/div><\/div><\/div><div class=\"fusion-clearfix\"><\/div><\/div><\/div><div class=\"fusion-layout-column fusion_builder_column fusion-builder-column-20 fusion_builder_column_1_3 1_3 fusion-one-third fusion-column-first timeline-title\" style=\"--awb-bg-size:cover;--awb-margin-top:0px;--awb-margin-bottom:0px;width:33.333333333333%;width:calc(33.333333333333% - ( ( 4% + 4% ) * 0.33333333333333 ) );margin-right: 4%;\"><div class=\"fusion-column-wrapper fusion-column-has-shadow fusion-flex-column-wrapper-legacy\"><div class=\"fusion-column-content-centered\"><div class=\"fusion-column-content\"><div class=\"fusion-text fusion-text-26 show-desktop\"><h3>Zona d&#8217;afectaci\u00f3<\/h3>\n<\/div><\/div><\/div><div class=\"fusion-clearfix\"><\/div><\/div><\/div><div class=\"fusion-layout-column fusion_builder_column fusion-builder-column-21 fusion_builder_column_1_6 1_6 fusion-one-sixth timeline-number\" style=\"--awb-bg-size:cover;--awb-margin-top:0px;--awb-margin-bottom:0px;width:16.666666666667%;width:calc(16.666666666667% - ( ( 4% + 4% ) * 0.16666666666667 ) );margin-right: 4%;\"><div class=\"fusion-column-wrapper fusion-column-has-shadow fusion-flex-column-wrapper-legacy\"><div class=\"fusion-column-content-centered\"><div class=\"fusion-column-content\"><div class=\"fusion-text fusion-text-27\"><p>6<\/p>\n<\/div><div class=\"fusion-text fusion-text-28 show-mobile\"><h3>Zona d&#8217;afectaci\u00f3<\/h3>\n<\/div><\/div><\/div><div class=\"fusion-clearfix\"><\/div><\/div><\/div><div class=\"fusion-layout-column fusion_builder_column fusion-builder-column-22 fusion_builder_column_1_2 1_2 fusion-one-half fusion-column-last timeline-text\" style=\"--awb-bg-size:cover;--awb-margin-top:0px;--awb-margin-bottom:0px;width:50%;width:calc(50% - ( ( 4% + 4% ) * 0.5 ) );\"><div class=\"fusion-column-wrapper fusion-column-has-shadow fusion-flex-column-wrapper-legacy\"><div class=\"fusion-column-content-centered\"><div class=\"fusion-column-content\"><div class=\"fusion-text fusion-text-29\"><p>L\u00edmits territorials dins de les <strong>Rondes<\/strong>, englobant localitats com <strong>l\u2019Hospitalet<\/strong> i parts d\u2019altres municipis lim\u00edtrofs amb les Rondes (<strong>Esplugues<\/strong> i <strong>Cornell\u00e0 de Llobregat<\/strong>, i <strong>Sant Adri\u00e0 de Bes\u00f2s<\/strong>). Exclou: Vallvidrera, Tibidabo, les Planes, la Zona Franca i el pol\u00edgon industrial de Sant Adri\u00e0.<\/p>\n<\/div><\/div><\/div><div class=\"fusion-clearfix\"><\/div><\/div><\/div><div class=\"fusion-layout-column fusion_builder_column fusion-builder-column-23 fusion_builder_column_1_3 1_3 fusion-one-third fusion-column-first timeline-title\" style=\"--awb-bg-size:cover;--awb-margin-top:0px;--awb-margin-bottom:0px;width:33.333333333333%;width:calc(33.333333333333% - ( ( 4% + 4% ) * 0.33333333333333 ) );margin-right: 4%;\"><div class=\"fusion-column-wrapper fusion-column-has-shadow fusion-flex-column-wrapper-legacy\"><div class=\"fusion-column-content-centered\"><div class=\"fusion-column-content\"><div class=\"fusion-text fusion-text-30 show-desktop\"><h3>Rondes de Dalt i del Litoral<\/h3>\n<\/div><\/div><\/div><div class=\"fusion-clearfix\"><\/div><\/div><\/div><div class=\"fusion-layout-column fusion_builder_column fusion-builder-column-24 fusion_builder_column_1_6 1_6 fusion-one-sixth timeline-number\" style=\"--awb-bg-size:cover;--awb-margin-top:0px;--awb-margin-bottom:0px;width:16.666666666667%;width:calc(16.666666666667% - ( ( 4% + 4% ) * 0.16666666666667 ) );margin-right: 4%;\"><div class=\"fusion-column-wrapper fusion-column-has-shadow fusion-flex-column-wrapper-legacy\"><div class=\"fusion-column-content-centered\"><div class=\"fusion-column-content\"><div class=\"fusion-text fusion-text-31\"><p>7<\/p>\n<\/div><div class=\"fusion-text fusion-text-32 show-mobile\"><h3>Rondes de Dalt i del Litoral<\/h3>\n<\/div><\/div><\/div><div class=\"fusion-clearfix\"><\/div><\/div><\/div><div class=\"fusion-layout-column fusion_builder_column fusion-builder-column-25 fusion_builder_column_1_2 1_2 fusion-one-half fusion-column-last timeline-text\" style=\"--awb-bg-size:cover;--awb-margin-top:0px;--awb-margin-bottom:0px;width:50%;width:calc(50% - ( ( 4% + 4% ) * 0.5 ) );\"><div class=\"fusion-column-wrapper fusion-column-has-shadow fusion-flex-column-wrapper-legacy\"><div class=\"fusion-column-content-centered\"><div class=\"fusion-column-content\"><div class=\"fusion-text fusion-text-33\"><p>Aquestes vies <strong>no entren<\/strong> dins de la ZBE. Els vehicles sense distintiu ambiental de la DGT poden circular-hi.<\/p>\n<\/div><\/div><\/div><div class=\"fusion-clearfix\"><\/div><\/div><\/div><div class=\"fusion-layout-column fusion_builder_column fusion-builder-column-26 fusion_builder_column_1_3 1_3 fusion-one-third fusion-column-first timeline-title\" style=\"--awb-bg-size:cover;--awb-margin-top:0px;--awb-margin-bottom:0px;width:33.333333333333%;width:calc(33.333333333333% - ( ( 4% + 4% ) * 0.33333333333333 ) );margin-right: 4%;\"><div class=\"fusion-column-wrapper fusion-column-has-shadow fusion-flex-column-wrapper-legacy\"><div class=\"fusion-column-content-centered\"><div class=\"fusion-column-content\"><div class=\"fusion-text fusion-text-34 show-desktop\"><h3>Control dels vehicles<\/h3>\n<\/div><\/div><\/div><div class=\"fusion-clearfix\"><\/div><\/div><\/div><div class=\"fusion-layout-column fusion_builder_column fusion-builder-column-27 fusion_builder_column_1_6 1_6 fusion-one-sixth timeline-number\" style=\"--awb-bg-size:cover;--awb-margin-top:0px;--awb-margin-bottom:0px;width:16.666666666667%;width:calc(16.666666666667% - ( ( 4% + 4% ) * 0.16666666666667 ) );margin-right: 4%;\"><div class=\"fusion-column-wrapper fusion-column-has-shadow fusion-flex-column-wrapper-legacy\"><div class=\"fusion-column-content-centered\"><div class=\"fusion-column-content\"><div class=\"fusion-text fusion-text-35\"><p>8<\/p>\n<\/div><div class=\"fusion-text fusion-text-36 show-mobile\"><h3>Control dels vehicles<\/h3>\n<\/div><\/div><\/div><div class=\"fusion-clearfix\"><\/div><\/div><\/div><div class=\"fusion-layout-column fusion_builder_column fusion-builder-column-28 fusion_builder_column_1_2 1_2 fusion-one-half fusion-column-last timeline-text\" style=\"--awb-bg-size:cover;--awb-margin-top:0px;--awb-margin-bottom:0px;width:50%;width:calc(50% - ( ( 4% + 4% ) * 0.5 ) );\"><div class=\"fusion-column-wrapper fusion-column-has-shadow fusion-flex-column-wrapper-legacy\"><div class=\"fusion-column-content-centered\"><div class=\"fusion-column-content\"><div class=\"fusion-text fusion-text-37\"><p>\u00b7 70\u00a0<strong>c\u00e0meres<\/strong>\u00a0detecten els vehicles vetats.<br \/>\n\u00b7 Un cotxe amb<strong>\u00a0lector de matr\u00edcules<\/strong>\u00a0circula\u00a0 per la ZBE en l&#8217;horari restringit.<br \/>\n\u00b7 Qualsevol agent de la\u00a0<strong>policia local<\/strong>\u00a0pot sancionar un vehicle sense distintiu.<\/p>\n<\/div><\/div><\/div><div class=\"fusion-clearfix\"><\/div><\/div><\/div><div class=\"fusion-layout-column fusion_builder_column fusion-builder-column-29 fusion_builder_column_1_3 1_3 fusion-one-third fusion-column-first timeline-title\" style=\"--awb-bg-size:cover;--awb-margin-top:0px;--awb-margin-bottom:0px;width:33.333333333333%;width:calc(33.333333333333% - ( ( 4% + 4% ) * 0.33333333333333 ) );margin-right: 4%;\"><div class=\"fusion-column-wrapper fusion-column-has-shadow fusion-flex-column-wrapper-legacy\"><div class=\"fusion-column-content-centered\"><div class=\"fusion-column-content\"><div class=\"fusion-text fusion-text-38 show-desktop\"><h3>Permisos especials<\/h3>\n<\/div><\/div><\/div><div class=\"fusion-clearfix\"><\/div><\/div><\/div><div class=\"fusion-layout-column fusion_builder_column fusion-builder-column-30 fusion_builder_column_1_6 1_6 fusion-one-sixth timeline-number\" style=\"--awb-bg-size:cover;--awb-margin-top:0px;--awb-margin-bottom:0px;width:16.666666666667%;width:calc(16.666666666667% - ( ( 4% + 4% ) * 0.16666666666667 ) );margin-right: 4%;\"><div class=\"fusion-column-wrapper fusion-column-has-shadow fusion-flex-column-wrapper-legacy\"><div class=\"fusion-column-content-centered\"><div class=\"fusion-column-content\"><div class=\"fusion-text fusion-text-39\"><p>9<\/p>\n<\/div><div class=\"fusion-text fusion-text-40 show-mobile\"><h3>Permisos especials<\/h3>\n<\/div><\/div><\/div><div class=\"fusion-clearfix\"><\/div><\/div><\/div><div class=\"fusion-layout-column fusion_builder_column fusion-builder-column-31 fusion_builder_column_1_2 1_2 fusion-one-half fusion-column-last timeline-text\" style=\"--awb-bg-size:cover;--awb-margin-top:0px;--awb-margin-bottom:0px;width:50%;width:calc(50% - ( ( 4% + 4% ) * 0.5 ) );\"><div class=\"fusion-column-wrapper fusion-column-has-shadow fusion-flex-column-wrapper-legacy\"><div class=\"fusion-column-content-centered\"><div class=\"fusion-column-content\"><div class=\"fusion-text fusion-text-41\"><p>Les persones amb un vehicle sense etiqueta poden despla\u00e7ar-se, pr\u00e8via autoritzaci\u00f3, un m\u00e0xim de <strong>10 vegades a l\u2019any<\/strong>, sempre que <strong>abonin 2 \u20ac per cada autoritzaci\u00f3<\/strong> di\u00e0ria. Les persones amb rendes baixes tenen una tarifa m\u00e9s econ\u00f2mica o gratu\u00efta. El perm\u00eds s\u2019ha de demanar en <a href=\"https:\/\/zberegistre.ambmobilitat.cat\/\" target=\"_blank\" rel=\"noopener noreferrer\">aquesta web<\/a> i serveix per a casos puntuals, com visites m\u00e8diques, portar el cotxe al taller o a la ITV. Tamb\u00e9 hi ha permisos temporals per a persones que segueixin un tractament m\u00e8dic.<\/p>\n<\/div><\/div><\/div><div class=\"fusion-clearfix\"><\/div><\/div><\/div><div class=\"fusion-layout-column fusion_builder_column fusion-builder-column-32 fusion_builder_column_1_3 1_3 fusion-one-third fusion-column-first timeline-title\" style=\"--awb-bg-size:cover;--awb-margin-top:0px;--awb-margin-bottom:0px;width:33.333333333333%;width:calc(33.333333333333% - ( ( 4% + 4% ) * 0.33333333333333 ) );margin-right: 4%;\"><div class=\"fusion-column-wrapper fusion-column-has-shadow fusion-flex-column-wrapper-legacy\"><div class=\"fusion-column-content-centered\"><div class=\"fusion-column-content\"><div class=\"fusion-text fusion-text-42 show-desktop\"><h3>Targeta T-verda<\/h3>\n<\/div><\/div><\/div><div class=\"fusion-clearfix\"><\/div><\/div><\/div><div class=\"fusion-layout-column fusion_builder_column fusion-builder-column-33 fusion_builder_column_1_6 1_6 fusion-one-sixth timeline-number\" style=\"--awb-bg-size:cover;--awb-margin-top:0px;--awb-margin-bottom:0px;width:16.666666666667%;width:calc(16.666666666667% - ( ( 4% + 4% ) * 0.16666666666667 ) );margin-right: 4%;\"><div class=\"fusion-column-wrapper fusion-column-has-shadow fusion-flex-column-wrapper-legacy\"><div class=\"fusion-column-content-centered\"><div class=\"fusion-column-content\"><div class=\"fusion-text fusion-text-43\"><p>10<\/p>\n<\/div><div class=\"fusion-text fusion-text-44 show-mobile\"><h3>Targeta T-verda<\/h3>\n<\/div><\/div><\/div><div class=\"fusion-clearfix\"><\/div><\/div><\/div><div class=\"fusion-layout-column fusion_builder_column fusion-builder-column-34 fusion_builder_column_1_2 1_2 fusion-one-half fusion-column-last timeline-text\" style=\"--awb-bg-size:cover;--awb-margin-top:0px;--awb-margin-bottom:0px;width:50%;width:calc(50% - ( ( 4% + 4% ) * 0.5 ) );\"><div class=\"fusion-column-wrapper fusion-column-has-shadow fusion-flex-column-wrapper-legacy\"><div class=\"fusion-column-content-centered\"><div class=\"fusion-column-content\"><div class=\"fusion-text fusion-text-45\"><p>\u00c9s un passi de <strong>transport p\u00fablic gratu\u00eft<\/strong> per a tot l\u2019\u00e0mbit integrat durant 3 anys. El poden tenir les persones que hagin <strong>desballestat un vehicle<\/strong> afectat, en els 6 mesos anteriors a la sol\u00b7licitud, i que no comprin cap vehicle durant els 3 anys de vig\u00e8ncia de la targeta.<\/p>\n<\/div><\/div><\/div><div class=\"fusion-clearfix\"><\/div><\/div><\/div><div class=\"fusion-layout-column fusion_builder_column fusion-builder-column-35 fusion_builder_column_1_3 1_3 fusion-one-third fusion-column-first timeline-title\" style=\"--awb-bg-size:cover;--awb-margin-top:0px;--awb-margin-bottom:0px;width:33.333333333333%;width:calc(33.333333333333% - ( ( 4% + 4% ) * 0.33333333333333 ) );margin-right: 4%;\"><div class=\"fusion-column-wrapper fusion-column-has-shadow fusion-flex-column-wrapper-legacy\"><div class=\"fusion-column-content-centered\"><div class=\"fusion-column-content\"><div class=\"fusion-text fusion-text-46 show-desktop\"><h3>Vehicles cl\u00e0ssics\/hist\u00f2rics<\/h3>\n<\/div><\/div><\/div><div class=\"fusion-clearfix\"><\/div><\/div><\/div><div class=\"fusion-layout-column fusion_builder_column fusion-builder-column-36 fusion_builder_column_1_6 1_6 fusion-one-sixth timeline-number\" style=\"--awb-bg-size:cover;--awb-margin-top:0px;--awb-margin-bottom:0px;width:16.666666666667%;width:calc(16.666666666667% - ( ( 4% + 4% ) * 0.16666666666667 ) );margin-right: 4%;\"><div class=\"fusion-column-wrapper fusion-column-has-shadow fusion-flex-column-wrapper-legacy\"><div class=\"fusion-column-content-centered\"><div class=\"fusion-column-content\"><div class=\"fusion-text fusion-text-47\"><p>11<\/p>\n<\/div><div class=\"fusion-text fusion-text-48 show-mobile\"><h3>Vehicles cl\u00e0ssics\/hist\u00f2rics<\/h3>\n<\/div><\/div><\/div><div class=\"fusion-clearfix\"><\/div><\/div><\/div><div class=\"fusion-layout-column fusion_builder_column fusion-builder-column-37 fusion_builder_column_1_2 1_2 fusion-one-half fusion-column-last timeline-text\" style=\"--awb-bg-size:cover;--awb-margin-top:0px;--awb-margin-bottom:0px;width:50%;width:calc(50% - ( ( 4% + 4% ) * 0.5 ) );\"><div class=\"fusion-column-wrapper fusion-column-has-shadow fusion-flex-column-wrapper-legacy\"><div class=\"fusion-column-content-centered\"><div class=\"fusion-column-content\"><div class=\"fusion-text fusion-text-49\"><p>Poden circular els <strong>dies feiners<\/strong> fora de l\u2019horari de les restriccions, i en horari lliure els <strong>caps de setmana i festius<\/strong>. Tenen els 10 dies l&#8217;any per circular demanant l&#8217;autoritzaci\u00f3 pr\u00e8via.<\/p>\n<\/div><\/div><\/div><div class=\"fusion-clearfix\"><\/div><\/div><\/div><div class=\"fusion-layout-column fusion_builder_column fusion-builder-column-38 fusion_builder_column_1_3 1_3 fusion-one-third fusion-column-first timeline-title\" style=\"--awb-bg-size:cover;--awb-margin-top:0px;--awb-margin-bottom:0px;width:33.333333333333%;width:calc(33.333333333333% - ( ( 4% + 4% ) * 0.33333333333333 ) );margin-right: 4%;\"><div class=\"fusion-column-wrapper fusion-column-has-shadow fusion-flex-column-wrapper-legacy\"><div class=\"fusion-column-content-centered\"><div class=\"fusion-column-content\"><div class=\"fusion-text fusion-text-50 show-desktop\"><h3>Vehicles d&#8217;altres prov\u00edncies o estrangers<\/h3>\n<\/div><\/div><\/div><div class=\"fusion-clearfix\"><\/div><\/div><\/div><div class=\"fusion-layout-column fusion_builder_column fusion-builder-column-39 fusion_builder_column_1_6 1_6 fusion-one-sixth timeline-number\" style=\"--awb-bg-size:cover;--awb-margin-top:0px;--awb-margin-bottom:0px;width:16.666666666667%;width:calc(16.666666666667% - ( ( 4% + 4% ) * 0.16666666666667 ) );margin-right: 4%;\"><div class=\"fusion-column-wrapper fusion-column-has-shadow fusion-flex-column-wrapper-legacy\"><div class=\"fusion-column-content-centered\"><div class=\"fusion-column-content\"><div class=\"fusion-text fusion-text-51\"><p>12<\/p>\n<\/div><div class=\"fusion-text fusion-text-52 show-mobile\"><h3>Vehicles d&#8217;altres prov\u00edncies o estrangers<\/h3>\n<\/div><\/div><\/div><div class=\"fusion-clearfix\"><\/div><\/div><\/div><div class=\"fusion-layout-column fusion_builder_column fusion-builder-column-40 fusion_builder_column_1_2 1_2 fusion-one-half fusion-column-last timeline-text\" style=\"--awb-bg-size:cover;--awb-margin-top:0px;--awb-margin-bottom:0px;width:50%;width:calc(50% - ( ( 4% + 4% ) * 0.5 ) );\"><div class=\"fusion-column-wrapper fusion-column-has-shadow fusion-flex-column-wrapper-legacy\"><div class=\"fusion-column-content-centered\"><div class=\"fusion-column-content\"><div class=\"fusion-text fusion-text-53\"><p>Les restriccions afecten <strong>tots els vehicles<\/strong>, siguin d&#8217;on siguin. Els estrangers que vulguin circular per la ZBE han de sol\u00b7licitar perm\u00eds i <strong>acreditar un distintiu ecol\u00f2gic<\/strong> equivalent. Aquest perm\u00eds costa 5 \u20ac. En cas de no complir les condicions, han de sol\u00b7licitar a banda, les autoritzacions di\u00e0ries, a 2\u20ac cadascuna, fins a un m\u00e0xim de 10 l&#8217;any.<\/p>\n<\/div><\/div><\/div><div class=\"fusion-clearfix\"><\/div><\/div><\/div><div class=\"fusion-layout-column fusion_builder_column fusion-builder-column-41 fusion_builder_column_1_3 1_3 fusion-one-third fusion-column-first timeline-title\" style=\"--awb-bg-size:cover;--awb-margin-top:0px;--awb-margin-bottom:0px;width:33.333333333333%;width:calc(33.333333333333% - ( ( 4% + 4% ) * 0.33333333333333 ) );margin-right: 4%;\"><div class=\"fusion-column-wrapper fusion-column-has-shadow fusion-flex-column-wrapper-legacy\"><div class=\"fusion-column-content-centered\"><div class=\"fusion-column-content\"><div class=\"fusion-text fusion-text-54 show-desktop\"><h3>Restriccions en activitats professionals<\/h3>\n<\/div><\/div><\/div><div class=\"fusion-clearfix\"><\/div><\/div><\/div><div class=\"fusion-layout-column fusion_builder_column fusion-builder-column-42 fusion_builder_column_1_6 1_6 fusion-one-sixth timeline-number\" style=\"--awb-bg-size:cover;--awb-margin-top:0px;--awb-margin-bottom:0px;width:16.666666666667%;width:calc(16.666666666667% - ( ( 4% + 4% ) * 0.16666666666667 ) );margin-right: 4%;\"><div class=\"fusion-column-wrapper fusion-column-has-shadow fusion-flex-column-wrapper-legacy\"><div class=\"fusion-column-content-centered\"><div class=\"fusion-column-content\"><div class=\"fusion-text fusion-text-55\"><p>13<\/p>\n<\/div><div class=\"fusion-text fusion-text-56 show-mobile\"><h3>Restriccions en activitats professionals<\/h3>\n<\/div><\/div><\/div><div class=\"fusion-clearfix\"><\/div><\/div><\/div><div class=\"fusion-layout-column fusion_builder_column fusion-builder-column-43 fusion_builder_column_1_2 1_2 fusion-one-half fusion-column-last timeline-text\" style=\"--awb-bg-size:cover;--awb-margin-top:0px;--awb-margin-bottom:0px;width:50%;width:calc(50% - ( ( 4% + 4% ) * 0.5 ) );\"><div class=\"fusion-column-wrapper fusion-column-has-shadow fusion-flex-column-wrapper-legacy\"><div class=\"fusion-column-content-centered\"><div class=\"fusion-column-content\"><div class=\"fusion-text fusion-text-57\"><p>Progressivament tamb\u00e9 quedaran afectats les furgonetes (N1), els camions (N2, N3) i els autobusos (M2, M3) sense etiqueta ambiental.<br \/>\nEls conductors de vehicles M1 (turismes) i L (Motocicletes i ciclomotors) que siguin necessaris per l\u2019activitat professional, si els usuaris tenen una renda menor familiar de menys del doble de l&#8217;indicador de renda d&#8217;efectes m\u00faltiples (IPREM) vigent se\u2018ls aplicar\u00e0 la mateixa morat\u00f2ria que als vehicles professionals.<\/p>\n<\/div><\/div><\/div><div class=\"fusion-clearfix\"><\/div><\/div><\/div><\/div><\/div><div class=\"fusion-fullwidth fullwidth-box fusion-builder-row-5 sanciones nonhundred-percent-fullwidth non-hundred-percent-height-scrolling\" style=\"--awb-border-radius-top-left:0px;--awb-border-radius-top-right:0px;--awb-border-radius-bottom-right:0px;--awb-border-radius-bottom-left:0px;--awb-margin-top:20px;--awb-background-color:#f2fae9;\" ><div class=\"fusion-builder-row fusion-row\"><div class=\"fusion-layout-column fusion_builder_column fusion-builder-column-44 fusion_builder_column_1_6 1_6 fusion-one-sixth fusion-column-first\" style=\"--awb-bg-size:cover;width:16.666666666667%;width:calc(16.666666666667% - ( ( 4% ) * 0.16666666666667 ) );margin-right: 4%;\"><div class=\"fusion-column-wrapper fusion-column-has-shadow fusion-flex-column-wrapper-legacy\"><div class=\"fusion-image-element fusion-image-align-center in-legacy-container\" style=\"text-align:center;\"><div class=\"imageframe-align-center\"><span class=\" fusion-imageframe imageframe-none imageframe-2 hover-type-none\"><img decoding=\"async\" width=\"168\" height=\"166\" title=\"46932890-0-sancion\" src=\"http:\/\/www.racc.cat\/microsites\/wp-content\/uploads\/2020\/05\/46932890-0-sancion.png\" alt class=\"img-responsive wp-image-6434\" srcset=\"https:\/\/www.racc.cat\/wp-content\/microsites\/wp-content\/uploads\/2020\/05\/46932890-0-sancion-66x66.png 66w, https:\/\/www.racc.cat\/wp-content\/microsites\/wp-content\/uploads\/2020\/05\/46932890-0-sancion.png 168w\" sizes=\"(max-width: 168px) 100vw, 168px\" \/><\/span><\/div><\/div><div class=\"fusion-clearfix\"><\/div><\/div><\/div><div class=\"fusion-layout-column fusion_builder_column fusion-builder-column-45 fusion_builder_column_5_6 5_6 fusion-five-sixth fusion-column-last\" style=\"--awb-bg-size:cover;width:83.333333333333%;width:calc(83.333333333333% - ( ( 4% ) * 0.83333333333333 ) );\"><div class=\"fusion-column-wrapper fusion-column-has-shadow fusion-flex-column-wrapper-legacy\"><div class=\"fusion-text fusion-text-58\"><h2>Quines sancions s\u2019apliquen per no complir la norma?<\/h2>\n<p>Durant els 3 primers mesos no se sancionar\u00e0. Les sancions poden augmentar un 30% en cas de reincid\u00e8ncia. Es pot tornar a multar el vehicle quan passin 90 minuts des de l\u2019anterior sanci\u00f3. El 15 de setembre de 2020 s\u2019acaba la morat\u00f2ria a l\u2019aplicaci\u00f3 del r\u00e8gim sancionador. (Abans era l\u201901 d\u2019abril per\u00f2 aquesta data es va modificar per la COVID-19).<\/p>\n<h3><strong>Multa de 100 \u20ac (50\u20ac, si es paga de forma r\u00e0pida)<\/strong><\/h3>\n<p><strong>Circulaci\u00f3 sense distintiu ambiental<\/strong><\/p>\n<ul>\n<li>Cotxes, motos, ciclomotors.<\/li>\n<li>Transport de persones amb 8 places m\u00e0xim.<\/li>\n<li>Transport de mercaderies igual o per sota de 3,5 tones.<\/li>\n<\/ul>\n<h3><strong>Multa de 200 \u20ac<\/strong><\/h3>\n<p><strong>Circulaci\u00f3 sense distintiu ambiental<\/strong><\/p>\n<ul>\n<li>Camions, autocars i autobusos.<\/li>\n<li>Transport de persones amb m\u00e9s de 8 places.<\/li>\n<li>Transport de mercaderies a partir de 3,5 tones.<\/li>\n<\/ul>\n<p><strong>Circulaci\u00f3 sense distintiu ambiental durant un episodi de contaminaci\u00f3<\/strong><\/p>\n<ul>\n<li>Cotxes, motos, ciclomotors i vehicles lleugers de 3 o 4 rodes.<\/li>\n<li>Transport de mercaderies igual o per sota de 3,5 tones.<\/li>\n<\/ul>\n<h3><strong>Multa de 500 \u20ac<\/strong><\/h3>\n<p><strong>Circulaci\u00f3 sense distintiu ambiental durant un episodi de contaminaci\u00f3<\/strong><\/p>\n<ul>\n<li>Camions, autocars i autobusos.<\/li>\n<li>Transport de persones amb m\u00e9s de 8 places i de mercaderies a partir de 3,5 tones.<\/li>\n<\/ul>\n<\/div><div class=\"fusion-clearfix\"><\/div><\/div><\/div><\/div><\/div><div class=\"fusion-fullwidth fullwidth-box fusion-builder-row-6 faqs nonhundred-percent-fullwidth non-hundred-percent-height-scrolling\" style=\"--awb-border-radius-top-left:0px;--awb-border-radius-top-right:0px;--awb-border-radius-bottom-right:0px;--awb-border-radius-bottom-left:0px;--awb-padding-bottom:0px;\" ><div class=\"fusion-builder-row fusion-row\"><div class=\"fusion-layout-column fusion_builder_column fusion-builder-column-46 fusion_builder_column_1_1 1_1 fusion-one-full fusion-column-first fusion-column-last\" style=\"--awb-bg-size:cover;\"><div class=\"fusion-column-wrapper fusion-column-has-shadow fusion-flex-column-wrapper-legacy\"><div class=\"fusion-text fusion-text-59\"><h2 style=\"text-align: center;\">Preguntes freq\u00fcents<\/h2>\n<\/div><div class=\"fusion-clearfix\"><\/div><\/div><\/div><\/div><\/div><div class=\"fusion-fullwidth fullwidth-box fusion-builder-row-7 faqs nonhundred-percent-fullwidth non-hundred-percent-height-scrolling\" style=\"--awb-border-radius-top-left:0px;--awb-border-radius-top-right:0px;--awb-border-radius-bottom-right:0px;--awb-border-radius-bottom-left:0px;--awb-padding-top:10px;\" ><div class=\"fusion-builder-row fusion-row\"><div class=\"fusion-layout-column fusion_builder_column fusion-builder-column-47 fusion_builder_column_1_1 1_1 fusion-one-full fusion-column-first fusion-column-last\" style=\"--awb-bg-size:cover;\"><div class=\"fusion-column-wrapper fusion-column-has-shadow fusion-flex-column-wrapper-legacy\"><div class=\"accordian fusion-accordian\" style=\"--awb-border-size:1px;--awb-icon-size:1px;--awb-content-font-size:16px;--awb-icon-alignment:left;--awb-hover-color:#f9f9f9;--awb-border-color:#cccccc;--awb-background-color:#ffffff;--awb-divider-color:#e0dede;--awb-divider-hover-color:#e0dede;--awb-icon-color:#ffffff;--awb-title-color:#000000;--awb-content-color:#000000;--awb-icon-box-color:#333333;--awb-toggle-hover-accent-color:#68a12c;--awb-title-font-family:&quot;Open Sans&quot;;--awb-title-font-weight:regular;--awb-title-font-style:normal;--awb-title-line-height:1.5;--awb-content-font-family:&quot;Open Sans&quot;;--awb-content-font-style:normal;--awb-content-font-weight:regular;\"><div class=\"panel-group fusion-toggle-icon-boxed\" id=\"accordion-6950-1\"><div class=\"fusion-panel panel-default panel-07cb4bcd8dcbb59e5 fusion-toggle-has-divider\"><div class=\"panel-heading\"><h4 class=\"panel-title toggle\" id=\"toggle_07cb4bcd8dcbb59e5\"><a aria-expanded=\"false\" aria-controls=\"07cb4bcd8dcbb59e5\" role=\"button\" data-toggle=\"collapse\" data-parent=\"#accordion-6950-1\" data-target=\"#07cb4bcd8dcbb59e5\" href=\"#07cb4bcd8dcbb59e5\"><span class=\"fusion-toggle-icon-wrapper\" aria-hidden=\"true\"><i class=\"fa-fusion-box active-icon awb-icon-minus\" aria-hidden=\"true\"><\/i><i class=\"fa-fusion-box inactive-icon awb-icon-plus\" aria-hidden=\"true\"><\/i><\/span><span class=\"fusion-toggle-heading\">\u00c0MBIT HORARI I TERRITORIAL DE LES RESTRICCIONS<\/span><\/a><\/h4><\/div><div id=\"07cb4bcd8dcbb59e5\" class=\"panel-collapse collapse \" araia-labelledby=\"toggle_07cb4bcd8dcbb59e5\"><div class=\"panel-body toggle-content fusion-clearfix\">\n<ul>\n<li>\n<h4>Quan s&#8217;ha comen\u00e7at a aplicar la restricci\u00f3 del tr\u00e0nsit?<\/h4>\n<p>Des de l\u20191 de gener del 2020 les restriccions s\u00f3n permanents i s&#8217;apliquen els dies feiners (de dilluns a divendres) de 7:00 a 20:00 h.<\/li>\n<li>\n<h4>Quina \u00e9s la zona afectada on no es pot circular?<\/h4>\n<p>La Zona de Baixes Emissions (ZBE) correspon a l\u2019\u00e0rea dins dels l\u00edmits territorials establerts per les Rondes de Barcelona i engloba localitats com l\u2019Hospitalet i parts d\u2019altres municipis lim\u00edtrofs com Esplugues de Llobregat i Cornell\u00e0 de Llobregat, i Sant Adri\u00e0 de Bes\u00f2s (en queda excl\u00f2s el pol\u00edgon industrial). Tamb\u00e9 en queden fora els barris barcelonins de Vallvidrera, Tibidabo, les Planes i la Zona Franca.<\/li>\n<li>\n<h4>Es pot circular per les Rondes?<\/h4>\n<p>S\u00ed, qualsevol vehicle pot circular per les Rondes. La restricci\u00f3 als vehicles sense etiqueta comen\u00e7a a partir de les seves sortides interiors.<\/li>\n<\/ul>\n<\/div><\/div><\/div><div class=\"fusion-panel panel-default panel-1916cf80a2fa1d1cb fusion-toggle-has-divider\"><div class=\"panel-heading\"><h4 class=\"panel-title toggle\" id=\"toggle_1916cf80a2fa1d1cb\"><a aria-expanded=\"false\" aria-controls=\"1916cf80a2fa1d1cb\" role=\"button\" data-toggle=\"collapse\" data-parent=\"#accordion-6950-1\" data-target=\"#1916cf80a2fa1d1cb\" href=\"#1916cf80a2fa1d1cb\"><span class=\"fusion-toggle-icon-wrapper\" aria-hidden=\"true\"><i class=\"fa-fusion-box active-icon awb-icon-minus\" aria-hidden=\"true\"><\/i><i class=\"fa-fusion-box inactive-icon awb-icon-plus\" aria-hidden=\"true\"><\/i><\/span><span class=\"fusion-toggle-heading\">QUI POT CIRCULAR PER LA ZONA DE BAIXES EMISSIONS?<\/span><\/a><\/h4><\/div><div id=\"1916cf80a2fa1d1cb\" class=\"panel-collapse collapse \" araia-labelledby=\"toggle_1916cf80a2fa1d1cb\"><div class=\"panel-body toggle-content fusion-clearfix\">\n<ul>\n<li>\n<h4>Quins vehicles estan afectats per les restriccions de circulaci\u00f3?<\/h4>\n<p>Els vehicles que no poden circular en les hores i els dies de restriccions s\u00f3n els que no els correspon tenir l\u2019etiqueta ambiental de la DGT. En general, i amb algunes excepcions, s\u00f3n:<\/p>\n<p>&#8211; Turismes: gasolina matriculats abans del gener del 2000, (anteriors a la normativa Euro 3) i els di\u00e8sel matriculats abans del gener del 2006 (anteriors a Euro 4).<\/p>\n<p>&#8211; Ciclomotors, motos i vehicles lleugers de tres o quatre rodes matriculats abans del gener del 2003 (anteriors a Euro 2).<\/p>\n<p>L\u2019ordenan\u00e7a que regula la Zona de Baixes Emissions (ZBE) ha previst que hi hagi excepcions temporals i permanents per a alguns vehicles, com ara els d\u2019emerg\u00e8ncies, els de persones amb mobilitat redu\u00efda o els de fam\u00edlies vulnerables que necessitin el vehicle per treballar i acreditin rendes inferiors a l\u2019IPREM m\u00e9s el 10%, el que l&#8217;any 2019 equival a 591,62\u20ac al mes.<\/li>\n<li>\n<h4>On puc consultar si el meu vehicle est\u00e0 afectat per les restriccions?<\/h4>\n<p>A la p\u00e0gina web de la Direcci\u00f3 General de Tr\u00e0nsit (DGT) es pot consultar si al vehicle li correspon tenir etiqueta ambiental i de quina mena. Nom\u00e9s cal introduir la matr\u00edcula en aquest enlla\u00e7: <a href=\"http:\/\/www.dgt.es\/es\/seguridad-vial\/distintivo-ambiental\/index.shtml\" target=\"_blank\" rel=\"noopener noreferrer\">http:\/\/www.dgt.es\/es\/seguridad-vial\/distintivo-ambiental\/index.shtml<\/a><\/p>\n<p>En cas que no li correspongui cap distintiu, el vehicle estar\u00e0 afectat per les restriccions de circulaci\u00f3 dins la Zona de Baixes Emissions.<\/li>\n<li>\n<h4>Hi ha vehicles exempts de les restriccions?<\/h4>\n<p>Estan exempts de la mesura tots els vehicles de persones amb mobilitat redu\u00efda (PMR), els destinats a emerg\u00e8ncies i serveis essencials (policia, metges, bombers, cotxes f\u00fanebres, etc.) i altres vehicles de serveis (com ara cotxes taller i laboratori, unitats m\u00f2bils i vehicles blindats). Ara b\u00e9, tots han d\u2019estar donats d\u2019alta al <a href=\"https:\/\/zberegistre.ambmobilitat.cat\/\" target=\"_blank\" rel=\"noopener noreferrer\">Registre Metropolit\u00e0<\/a> per poder gaudir de l\u2019exempci\u00f3.<\/li>\n<li>\n<h4><strong>Puc sol\u00b7licitar una excepci\u00f3 o un perm\u00eds especial per a mi?<\/strong><\/h4>\n<p class=\"x_ff458179 x_8a3aff37\">Els vehicles sense etiqueta poden demanar un perm\u00eds especial de 24 hores per circular per la Zona de Baixes Emissions. Aquest perm\u00eds es pot\u00a0demanar un m\u00e0xim de 10 vegades l\u2019any i s\u2019ha\u00a0de tramitar online abans de les 23:59 h del dia anterior del que es necessiti circular. Tamb\u00e9 cal\u00a0que el vehicle estigui pr\u00e8viament donat d\u2019alta al \u201cRegistre metropolit\u00e0 de vehicles estrangers i altres autoritzats a les ZBE\u201d, que est\u00e0 gestionat per l\u2019\u00c0rea Metropolitana de Barcelona. El cost per a cada autoritzaci\u00f3 di\u00e0ria \u00e9s de 2 \u20ac, tot i que en funci\u00f3 de la renda pot tenir un cost d\u20191 \u20ac (si la renda familiar \u00e9s inferior al doble de l\u2019IPREM -renda vigent d\u2019efectes m\u00faltiples-, \u00e9s a dir, el que l&#8217;any 2019 equival a 1.075,68 euros mensuals) o b\u00e9 gratu\u00eft (si la renda \u00e9s inferior a l\u2019IPREM m\u00e9s un 10%, \u00e9s a dir, 591,62 euros per a l&#8217;any 2019).<\/p>\n<p class=\"x_ff458179 x_8a3aff37\">En cas d\u2019urg\u00e8ncia m\u00e8dica, el perm\u00eds es pot\u00a0tramitar fins a 3 dies despr\u00e9s d\u2019haver entrat a la ZBE. Tamb\u00e9 poden demanar permisos temporals les persones que segueixin un tractament m\u00e8dic de certa durada.<\/p>\n<div id=\"element-707\" class=\"widget item-absolute paragraph \" data-at=\"paragraph\">\n<div class=\"contents\">\n<p class=\"x_ff458179 x_8a3aff37\">L\u2019alta al registre i la gesti\u00f3 dels permisos es poden tramitar al web\u00a0<a id=\"link-wmhwbp9rm5\" class=\"url-link\" href=\"https:\/\/zberegistre.ambmobilitat.cat\/\" target=\"_blank\" rel=\"noopener noreferrer\"><u>zberegistre.ambmobilitat.cat<\/u><\/a>.<\/p>\n<\/div>\n<\/div>\n<\/li>\n<li>\n<h4><strong>Els taxis poden circular per la Zona de Baixes Emissions?<\/strong><\/h4>\n<div id=\"element-710\" class=\"widget item-absolute paragraph \" data-at=\"paragraph\">\n<div class=\"contents\">\n<p class=\"x_ff458179 x_8a3aff37\">Els taxis tenen les mateixes restriccions de circulaci\u00f3 que els turismes.<\/p>\n<\/div>\n<\/div>\n<\/li>\n<li>\n<h4><strong>Els vehicles cl\u00e0ssics i hist\u00f2rics poden circular?<\/strong><\/h4>\n<p class=\"x_ff458179 x_8a3aff37\">Els vehicles cl\u00e0ssics i hist\u00f2rics no disposen d\u2019etiqueta ambiental, per tant la seva circulaci\u00f3 est\u00e0 restringida els dies laborables de 7:00 a 20:00 h, com passa amb la resta de vehicles sense distintiu.<\/p>\n<div id=\"element-713\" class=\"widget item-absolute paragraph \" data-at=\"paragraph\">\n<div class=\"contents\">\n<p class=\"x_ff458179 x_8a3aff37\">Si necessiten circular per la Zona de Baixes Emissions en horari restringit, poden demanar un perm\u00eds de 24 h fins a 10 vegades a l\u2019any, igual que la resta de vehicles que no disposen d\u2019etiqueta.<\/p>\n<\/div>\n<\/div>\n<\/li>\n<li>\n<h4><strong>Un cas espec\u00edfic: di\u00e8sels matriculats a finals del 2005 o gasolina a finals del 1999<\/strong><\/h4>\n<p class=\"x_ff458179 x_8a3aff37\">Aquells usuaris que disposin d\u2019un turisme di\u00e8sel matriculat a finals del 2006 o d\u2019un gasolina matriculat abans del 2000 podrien tenir\u00a0dret a obtenir l\u2019etiqueta ambiental de la DGT, malgrat que per data de matriculaci\u00f3 no els correspon. Es tracta\u00a0d\u2019una xifra molt redu\u00efda de vehicles que es van matricular equipant motors que ja complien amb la normativa Euro que encara no havia entrat en vigor.<\/p>\n<p class=\"x_ff458179 x_8a3aff37\">Segons la DGT, en aquests casos cal mirar la fitxa t\u00e8cnica dels vehicles per comprovar si compleixen la normativa Euro que els permet circular dins la zona de baixes emissions (Euro 4 per a di\u00e8sel, Euro 3 per a gasolina). En cas afirmatiu, es pot demanar a la DGT l\u2019enviament de l\u2019etiqueta ambiental sense cap cost i el canvi del nivell d\u2019emissions Euro del nostre cotxe que figura al registre de vehicles de la DGT.<\/p>\n<p class=\"x_ff458179 x_8a3aff37\">Si a la fitxa t\u00e8cnica no consta la normativa Euro (\u00e9s el m\u00e9s habitual), es pot demanar un certificat del fabricant a trav\u00e9s del concessionari perqu\u00e8 la marca ens indiqui sota quina normativa Euro est\u00e0 fabricat el motor del nostre vehicle. Si la resposta del fabricant demostra que el nostre vehicle compleix les normes Euro que li permeten obtenir l\u2019etiqueta ambiental, la podrem demanar sense cap cost a la DGT.<\/p>\n<p class=\"x_ff458179 x_8a3aff37\">En cas que vulguem que aquestes emissions Euro constin a la fitxa t\u00e8cnica del vehicle, s\u2019ha de passar la ITV per certificar l\u2019error i despr\u00e9s demanar cita pr\u00e8via a la Prefectura Provincial de Tr\u00e0nsit (DGT) per sol\u00b7licitar un duplicat de la fitxa, amb el cost a c\u00e0rrec del propietari del vehicle.<\/p>\n<\/li>\n<\/ul>\n<\/div><\/div><\/div><div class=\"fusion-panel panel-default panel-ea86f0da53132ade0 fusion-toggle-has-divider\"><div class=\"panel-heading\"><h4 class=\"panel-title toggle\" id=\"toggle_ea86f0da53132ade0\"><a aria-expanded=\"false\" aria-controls=\"ea86f0da53132ade0\" role=\"button\" data-toggle=\"collapse\" data-parent=\"#accordion-6950-1\" data-target=\"#ea86f0da53132ade0\" href=\"#ea86f0da53132ade0\"><span class=\"fusion-toggle-icon-wrapper\" aria-hidden=\"true\"><i class=\"fa-fusion-box active-icon awb-icon-minus\" aria-hidden=\"true\"><\/i><i class=\"fa-fusion-box inactive-icon awb-icon-plus\" aria-hidden=\"true\"><\/i><\/span><span class=\"fusion-toggle-heading\">L'ETIQUETA AMBIENTAL<\/span><\/a><\/h4><\/div><div id=\"ea86f0da53132ade0\" class=\"panel-collapse collapse \" araia-labelledby=\"toggle_ea86f0da53132ade0\"><div class=\"panel-body toggle-content fusion-clearfix\">\n<ul>\n<li>\n<h4><strong>On puc aconseguir l\u2019etiqueta ambiental?<\/strong><\/h4>\n<p class=\"x_ff458179 x_8a3aff37\">Si li correspon una etiqueta ambiental i no l\u2019ha rebut al seu domicili, pot demanar-la a trav\u00e9s dels seg\u00fcents canals:<\/p>\n<p>&#8211; Correus<\/p>\n<div id=\"element-719\" class=\"widget item-absolute paragraph \" data-at=\"paragraph\">\n<div class=\"contents\">\n<p class=\"x_ff458179 x_8a3aff37\">&#8211; Els socis del RACC poden demanar el distintiu ambiental a trav\u00e9s del servei de gestoria del RACC, que ofereix la possibilitat de sol\u00b7licitar-la o fer-ne un duplicat. M\u00e9s informaci\u00f3 a la seva oficina RACC o al tel\u00e8fon 900 357 357.<\/p>\n<\/div>\n<\/div>\n<\/li>\n<li>\n<h4><strong>S\u00e9 d&#8217;alg\u00fa que va rebre l\u2019etiqueta sense haver-la demanada. Per qu\u00e8 jo no l\u2019he rebuda?<\/strong><\/h4>\n<div id=\"element-723\" class=\"widget item-absolute paragraph \" data-at=\"paragraph\">\n<div class=\"contents\">\n<p class=\"x_ff458179 x_8a3aff37\">Per donar a con\u00e8ixer el sistema d\u2019etiquetatge ambiental, la Direcci\u00f3 General de Tr\u00e0nsit (DGT) va fer una campanya de llan\u00e7ament inicial que consistia en l\u2019enviament massiu dels distintius a domicilis de les prov\u00edncies de Madrid i Barcelona, majorit\u00e0riament. La resta de la poblaci\u00f3 interessada a tenir-la\u00a0ha de gestionar l\u2019obtenci\u00f3 de l\u2019etiqueta personalment.<\/p>\n<\/div>\n<\/div>\n<\/li>\n<li>\n<h4><strong>\u00c9s obligatori portar l\u2019etiqueta ambiental?<\/strong><\/h4>\n<div id=\"element-726\" class=\"widget item-absolute paragraph \" data-at=\"paragraph\">\n<div class=\"contents\">\n<p class=\"x_ff458179 x_8a3aff37\">No \u00e9s obligatori portar l\u2019etiqueta ambiental. Tot i aix\u00f2, \u00e9s recomanable posar-la visible al parabrisa\u00a0davanter del vehicle.<\/p>\n<\/div>\n<\/div>\n<\/li>\n<li>\n<h4><strong>Qu\u00e8 \u00e9s i per a qu\u00e8 serveix l\u2019etiqueta?<\/strong><\/h4>\n<p class=\"x_ff458179 x_8a3aff37\">La Direcci\u00f3 General de Tr\u00e0nsit (DGT) va crear una classificaci\u00f3 del parc de vehicles segons el seu potencial contaminant perqu\u00e8 s\u2019utilitzi com a instrument al servei de les pol\u00edtiques municipals. En aquesta classificaci\u00f3 hi ha quatre categories:<\/p>\n<p>\u2022 Etiqueta zero emissions. Per als vehicles 100% el\u00e8ctrics, els h\u00edbrids endollables amb una autonomia en mode el\u00e8ctric de m\u00e9s de 40 km i els anomenats vehicles d\u2019autonomia estesa.<\/p>\n<p>\u2022 Etiqueta Eco. H\u00edbrids endollables amb menys de 40 km d\u2019autonomia el\u00e8ctrica, h\u00edbrids no endollables, els de gas natural (GNC i GNL) o gas liquat del petroli (GLP).<\/p>\n<p>\u2022 Etiqueta C. Turismes i furgonetes lleugeres de benzina matriculades des de gener de 2006 (Euro 4, Euro 5 i Euro 6) i di\u00e8sel a partir de 2014. Vehicles de m\u00e9s de 8 places i de mercaderies (benzina i di\u00e8sel) des de 2005.<\/p>\n<p>\u2022 Etiqueta B. Turismes i furgonetes lleugeres de benzina matriculades a partir de gener de l\u2019any 2000 (Euro 3) i propulsats per di\u00e8sel a partir de gener de 2006 (Euro 4 i Euro 5).<\/p>\n<p><img decoding=\"async\" class=\"size-full wp-image-6431 aligncenter\" src=\"https:\/\/www.racc.es\/microsites\/wp-content\/uploads\/2020\/05\/47255255-0-ETIQUETES.jpg\" alt=\"\" width=\"378\" height=\"240\" srcset=\"https:\/\/www.racc.cat\/wp-content\/microsites\/wp-content\/uploads\/2020\/05\/47255255-0-ETIQUETES-200x127.jpg 200w, https:\/\/www.racc.cat\/wp-content\/microsites\/wp-content\/uploads\/2020\/05\/47255255-0-ETIQUETES-300x190.jpg 300w, https:\/\/www.racc.cat\/wp-content\/microsites\/wp-content\/uploads\/2020\/05\/47255255-0-ETIQUETES-320x202.jpg 320w, https:\/\/www.racc.cat\/wp-content\/microsites\/wp-content\/uploads\/2020\/05\/47255255-0-ETIQUETES.jpg 378w\" sizes=\"(max-width: 378px) 100vw, 378px\" \/><\/li>\n<\/ul>\n<\/div><\/div><\/div><div class=\"fusion-panel panel-default panel-aba07a563996975d0 fusion-toggle-has-divider\"><div class=\"panel-heading\"><h4 class=\"panel-title toggle\" id=\"toggle_aba07a563996975d0\"><a aria-expanded=\"false\" aria-controls=\"aba07a563996975d0\" role=\"button\" data-toggle=\"collapse\" data-parent=\"#accordion-6950-1\" data-target=\"#aba07a563996975d0\" href=\"#aba07a563996975d0\"><span class=\"fusion-toggle-icon-wrapper\" aria-hidden=\"true\"><i class=\"fa-fusion-box active-icon awb-icon-minus\" aria-hidden=\"true\"><\/i><i class=\"fa-fusion-box inactive-icon awb-icon-plus\" aria-hidden=\"true\"><\/i><\/span><span class=\"fusion-toggle-heading\">SISTEMES DE CONTROL I SANCIONS<\/span><\/a><\/h4><\/div><div id=\"aba07a563996975d0\" class=\"panel-collapse collapse \" araia-labelledby=\"toggle_aba07a563996975d0\"><div class=\"panel-body toggle-content fusion-clearfix\">\n<ul>\n<li>\n<h4><strong>Quin ser\u00e0 l\u2019import de les sancions per circular a la ZBE sense etiqueta ambiental?<\/strong><\/h4>\n<div id=\"element-736\" class=\"widget item-absolute paragraph \" data-at=\"paragraph\">\n<div class=\"contents\">\n<p class=\"x_ff458179 x_8a3aff37\">Les sancions poden anar dels 100 als 200 euros en el cas de turismes, motos, ciclomotors i vehicles lleugers de tres o quatre rodes, i de 100 a 500 euros en el cas de furgonetes, camions, autocars i autobusos, segons si \u00e9s una sanci\u00f3 lleu, greu o molt greu. En cas de reincid\u00e8ncia, les sancions poden incrementar-se un 30% respecte a la seva quantia m\u00ednima.<\/p>\n<\/div>\n<\/div>\n<\/li>\n<li>\n<h4><strong>Quan comen\u00e7aran a aplicar-se aquestes sancions?<\/strong><\/h4>\n<p class=\"x_ff458179 x_8a3aff37\">Les sancions per incompliment de la normativa establerta a l\u2019ordenan\u00e7a de la Zona de Baixes Emissions s\u2019activaran el 15 de setembre de 2020.<\/p>\n<div id=\"element-744\" class=\"widget item-absolute paragraph \" data-at=\"paragraph\">\n<div class=\"contents\">\n<p class=\"x_ff458179 x_8a3aff37\">Tindran una morat\u00f2ria d\u2019un any les persones vulnerables que necessitin el vehicle per treballar i acreditin uns ingressos inferiors a l\u2019IPREM m\u00e9s el 10%, el que l&#8217;any 2019 equival a 591,62\u20ac al mes.<\/p>\n<\/div>\n<\/div>\n<\/li>\n<li>\n<h4><strong>Com es controlen els vehicles que circulen?<\/strong><\/h4>\n<div id=\"element-749\" class=\"widget item-absolute paragraph \" data-at=\"paragraph\">\n<div class=\"contents\">\n<p class=\"x_ff458179 x_8a3aff37\">L\u2019Ajuntament de Barcelona ha desplegat un sistema de control autom\u00e0tic amb m\u00e9s de 70 c\u00e0meres de lectura de matr\u00edcules en diferents punts a dins de la ciutat i als seus accessos, que poden detectar els vehicles vetats mitjan\u00e7ant la lectura de la matr\u00edcula i una immediata consulta autom\u00e0tica a una base de dades.<\/p>\n<\/div>\n<\/div>\n<\/li>\n<\/ul>\n<\/div><\/div><\/div><div class=\"fusion-panel panel-default panel-90c06f29ffb8ee36f fusion-toggle-has-divider\"><div class=\"panel-heading\"><h4 class=\"panel-title toggle\" id=\"toggle_90c06f29ffb8ee36f\"><a aria-expanded=\"false\" aria-controls=\"90c06f29ffb8ee36f\" role=\"button\" data-toggle=\"collapse\" data-parent=\"#accordion-6950-1\" data-target=\"#90c06f29ffb8ee36f\" href=\"#90c06f29ffb8ee36f\"><span class=\"fusion-toggle-icon-wrapper\" aria-hidden=\"true\"><i class=\"fa-fusion-box active-icon awb-icon-minus\" aria-hidden=\"true\"><\/i><i class=\"fa-fusion-box inactive-icon awb-icon-plus\" aria-hidden=\"true\"><\/i><\/span><span class=\"fusion-toggle-heading\">ALTRES PREGUNTES FREQ\u00dcENTS<\/span><\/a><\/h4><\/div><div id=\"90c06f29ffb8ee36f\" class=\"panel-collapse collapse \" araia-labelledby=\"toggle_90c06f29ffb8ee36f\"><div class=\"panel-body toggle-content fusion-clearfix\">\n<ul>\n<li>\n<h4><strong>Em poden prohibir circular si he pagat l\u2019impost de circulaci\u00f3?<\/strong><\/h4>\n<p class=\"x_ff458179 x_8a3aff37\">L&#8217;anomenat habitualment impost de circulaci\u00f3 \u00e9s en realitat l&#8217;Impost sobre Vehicles de Tracci\u00f3 Mec\u00e0nica (IVTM), per tant grava la titularitat, amb independ\u00e8ncia de la circulaci\u00f3. L&#8217;impost no es calcula o modera en funci\u00f3 de la circulaci\u00f3 real o esperada, sin\u00f3 que grava el fet de ser propietari d&#8217;un vehicle.<\/p>\n<div id=\"element-752\" class=\"widget item-absolute paragraph \" data-at=\"paragraph\">\n<div class=\"contents\">\n<p class=\"x_ff458179 x_8a3aff37\">L&#8217;impost de circulaci\u00f3, en conseq\u00fc\u00e8ncia (tot i la confusi\u00f3 que pot generar anomenar-lo d&#8217;aquesta forma en el llenguatge col\u00b7loquial), \u00e9s un requisit legal per a la titularitat sobre un vehicle, per\u00f2 legalment no dona dret a circular o, millor dit, no exclou l&#8217;aplicaci\u00f3 de normes que puguin restringir-ne la circulaci\u00f3.<\/p>\n<\/div>\n<\/div>\n<\/li>\n<li>\n<h4><strong>Qu\u00e8 ha fet el RACC per a la defensa dels interessos dels socis?<\/strong><\/h4>\n<p class=\"x_ff458179 x_8a3aff37\">El RACC, avan\u00e7ant-se a les mesures de restricci\u00f3 de tr\u00e0nsit, va realitzar el 2017 un estudi t\u00e8cnic sobre les emissions reals dels vehicles que circulen per l\u2019\u00c0rea Metropolitana de Barcelona i que afecten\u00a0la qualitat de l\u2019aire.<\/p>\n<p class=\"x_ff458179 x_8a3aff37\">L\u2019estudi va identificar el parc de vehicles que circulava per Barcelona i la seva \u00e0rea metropolitana, amb l\u2019objectiu de con\u00e8ixer l\u2019impacte que podien tenir les restriccions de tr\u00e0nsit. Les an\u00e0lisis van concloure que aproximadament 150.000 persones es veurien afectades di\u00e0riament per una mesura que el RACC considera socialment regressiva, ja que el percentatge de vehicles sense etiqueta \u00e9s superior en districtes o municipis amb un menor PIB per c\u00e0pita.<\/p>\n<p class=\"x_ff458179 x_8a3aff37\">El RACC, coneixedor de les implicacions negatives que aquesta mesura pot tenir per a molts ciutadans, ha treballat amb les administracions competents durant el proc\u00e9s de formulaci\u00f3 de les restriccions. Les seves principals demandes s\u00f3n:<\/p>\n<p>&#8211; Ajudes econ\u00f2miques per a l\u2019adquisici\u00f3 de vehicles menys contaminants.<\/p>\n<p>&#8211; Excepcions per a determinats usuaris afectats i que aquests puguin sol\u00b7licitar algunes autoritzacions de tr\u00e0nsit a l\u2019any.<\/p>\n<p>&#8211; Desenvolupament d\u2019aparcaments dissuasius en estacions de tren de l\u2019entorn de Barcelona, els anomenats Park &amp; Ride, per millorar la connexi\u00f3 amb transport p\u00fablic entre la ciutat i l\u2019\u00e0rea metropolitana.<\/p>\n<p>&#8211; Admissi\u00f3 de vehicles sense etiqueta sempre que tinguin una alta ocupaci\u00f3 (3 o m\u00e9s ocupants) a la Zona de Baixes Emissions (ZBE).<\/p>\n<p>&#8211; Progressivitat per facilitar l\u2019adaptaci\u00f3 dels ciutadans.<\/p>\n<p>&#8211; Modificar l\u2019horari de les restriccions els divendres fent-lo acabar a les 15:00 h, per facilitar l\u2019operaci\u00f3 sortida de cap de setmana.<\/p>\n<div id=\"element-757\" class=\"widget item-absolute paragraph \" data-at=\"paragraph\">\n<div class=\"contents\">\n<p class=\"x_ff458179 x_8a3aff37\">A m\u00e9s, el RACC va presentar 14 noves propostes per millorar la qualitat de l\u2019aire. M\u00e9s informaci\u00f3 a:\u00a0<a id=\"link-qrwz6x0jzv8\" class=\"url-link\" href=\"http:\/\/blog.racc.cat\/cotxe\/les-14-propostes-del-racc-per-millorar-la-qualitat-de-laire\" target=\"_blank\" rel=\"noopener noreferrer\">http:\/\/blog.racc.cat\/cotxe\/les-14-propostes-del-racc-per-millorar-la-qualitat-de-laire<\/a>.<\/p>\n<\/div>\n<\/div>\n<\/li>\n<li>\n<h4><strong>El meu vehicle ha passat la ITV i el control d\u2019emissions de gasos contaminants. No puc circular a la Zona de Baixes Emissions?<\/strong><\/h4>\n<div id=\"element-760\" class=\"widget item-absolute paragraph \" data-at=\"paragraph\">\n<div class=\"contents\">\n<p class=\"x_ff458179 x_8a3aff37\">La ITV verifica que els vehicles compleixen les mesures de seguretat i els l\u00edmits d\u2019emissions contaminants permesos, per\u00f2 no mesura els di\u00f2xids de nitrogen (NOx), el principal gas que provoca la mala qualitat de l\u2019aire. Dit d\u2019una altra manera, a la ITV nom\u00e9s es mesura l&#8217;opacitat de les emissions del vehicle, \u00e9s a dir, les part\u00edcules en suspensi\u00f3 que emet el tub d\u2019escapament. Per aix\u00f2, les autoritats poden restringir la circulaci\u00f3 d\u2019aquells vehicles m\u00e9s contaminants, encara que hagin superat la ITV.<\/p>\n<\/div>\n<\/div>\n<\/li>\n<\/ul>\n<\/div><\/div><\/div><\/div><\/div><div class=\"fusion-clearfix\"><\/div><\/div><\/div><\/div><\/div><\/p>\n","protected":false},"excerpt":{"rendered":"","protected":false},"author":12,"featured_media":0,"parent":0,"menu_order":0,"comment_status":"closed","ping_status":"closed","template":"100-width.php","meta":{"footnotes":""},"wf_page_folders":[100],"class_list":["post-6950","page","type-page","status-publish","hentry"],"_links":{"self":[{"href":"https:\/\/www.racc.cat\/microsites\/wp-json\/wp\/v2\/pages\/6950","targetHints":{"allow":["GET"]}}],"collection":[{"href":"https:\/\/www.racc.cat\/microsites\/wp-json\/wp\/v2\/pages"}],"about":[{"href":"https:\/\/www.racc.cat\/microsites\/wp-json\/wp\/v2\/types\/page"}],"author":[{"embeddable":true,"href":"https:\/\/www.racc.cat\/microsites\/wp-json\/wp\/v2\/users\/12"}],"replies":[{"embeddable":true,"href":"https:\/\/www.racc.cat\/microsites\/wp-json\/wp\/v2\/comments?post=6950"}],"version-history":[{"count":0,"href":"https:\/\/www.racc.cat\/microsites\/wp-json\/wp\/v2\/pages\/6950\/revisions"}],"wp:attachment":[{"href":"https:\/\/www.racc.cat\/microsites\/wp-json\/wp\/v2\/media?parent=6950"}],"wp:term":[{"taxonomy":"wf_page_folders","embeddable":true,"href":"https:\/\/www.racc.cat\/microsites\/wp-json\/wp\/v2\/wf_page_folders?post=6950"}],"curies":[{"name":"wp","href":"https:\/\/api.w.org\/{rel}","templated":true}]}}